{"id":46,"date":"2013-07-25T19:11:02","date_gmt":"2013-07-25T17:11:02","guid":{"rendered":"http:\/\/wp.internist-ab.de\/?page_id=46"},"modified":"2024-01-31T21:26:30","modified_gmt":"2024-01-31T20:26:30","slug":"gesundheit-nach-mass","status":"publish","type":"page","link":"https:\/\/wp.internist-ab.de\/?page_id=46","title":{"rendered":"Gesundheit nach Ma\u00df"},"content":{"rendered":"<p><span style=\"color: #000000;\">Als Fach\u00e4rzte f\u00fcr Innere Medizin sind wir einer qualitativ hochwertigen Medizin verpflichtet, wobei uns jedoch vom Gesetzgeber enge Grenzen gesteckt worden sind. Wir sind der Meinung, da\u00df die Basisleistungen der gesetzlichen Krankenversicherung keine ausreichende Gesundheitsvorsorge gew\u00e4hrleisten. Die zunehmende Rationierung im kassen\u00e4rztlichen Versorgungsbereich macht es immer wichtiger, die eigene Gesundheit langfristig zu sch\u00fctzen. Nur so k\u00f6nnen Sie auch im Alter eine umfassende Lebensqualit\u00e4t genie\u00dfen.<\/span><\/p>\n<p><span style=\"color: #000000;\">Mit einer Reihe sinnvoller Vorsorgeuntersuchungsm\u00f6glichkeiten m\u00f6chten wir Ihnen helfen, Ihren Gesundheitszustand besser kontrollieren und sichern zu k\u00f6nnen, angepasst an Ihre individuellen Bed\u00fcrfnisse. Nutzen Sie die Gelegenheit, Ihre Gesundheit in vern\u00fcnftigen Zeitabst\u00e4nden umfassend kontrollieren zu lassen, um Krankheiten rechtzeitig vorbeugen zu k\u00f6nnen<\/span><\/p>\n<p><span style=\"color: #000000;\">Wir beraten Sie g<\/span>erne dabei, Ihr ganz pers\u00f6nliches Gesundheitspaket zusammenzustellen &#8211; sei es zur Vorsorge, zur Reisevorbereitung oder zu speziellen Fragestellungen wie Sporttauglichkeit oder -untauglichkeit.<\/p>\n<p>Auf Wunsch bieten wir auch <a title=\"Gesundheitschecks f\u00fcr Unternehmen\" href=\"https:\/\/wp.internist-ab.de\/?page_id=114\">spezielle Gesundheitscheck-Pakete f\u00fcr Unternehmen<\/a> an, die ihren Mitarbeitern eine erweiterte Gesundheitsvorsorgem\u00f6glichkeit zukommen lassen m\u00f6chten.<\/p>\n","protected":false},"excerpt":{"rendered":"<p>Als Fach\u00e4rzte f\u00fcr Innere Medizin sind wir einer qualitativ hochwertigen Medizin verpflichtet, wobei uns jedoch vom Gesetzgeber enge Grenzen gesteckt worden sind. Wir sind der Meinung, da\u00df die Basisleistungen der gesetzlichen Krankenversicherung keine ausreichende Gesundheitsvorsorge gew\u00e4hrleisten. Die zunehmende Rationierung im<\/p>\n","protected":false},"author":1,"featured_media":0,"parent":12,"menu_order":1,"comment_status":"closed","ping_status":"closed","template":"","meta":{"footnotes":""},"class_list":["post-46","page","type-page","status-publish","hentry"],"_links":{"self":[{"href":"https:\/\/wp.internist-ab.de\/index.php?rest_route=\/wp\/v2\/pages\/46","targetHints":{"allow":["GET"]}}],"collection":[{"href":"https:\/\/wp.internist-ab.de\/index.php?rest_route=\/wp\/v2\/pages"}],"about":[{"href":"https:\/\/wp.internist-ab.de\/index.php?rest_route=\/wp\/v2\/types\/page"}],"author":[{"embeddable":true,"href":"https:\/\/wp.internist-ab.de\/index.php?rest_route=\/wp\/v2\/users\/1"}],"replies":[{"embeddable":true,"href":"https:\/\/wp.internist-ab.de\/index.php?rest_route=%2Fwp%2Fv2%2Fcomments&post=46"}],"version-history":[{"count":11,"href":"https:\/\/wp.internist-ab.de\/index.php?rest_route=\/wp\/v2\/pages\/46\/revisions"}],"predecessor-version":[{"id":1601,"href":"https:\/\/wp.internist-ab.de\/index.php?rest_route=\/wp\/v2\/pages\/46\/revisions\/1601"}],"up":[{"embeddable":true,"href":"https:\/\/wp.internist-ab.de\/index.php?rest_route=\/wp\/v2\/pages\/12"}],"wp:attachment":[{"href":"https:\/\/wp.internist-ab.de\/index.php?rest_route=%2Fwp%2Fv2%2Fmedia&parent=46"}],"curies":[{"name":"wp","href":"https:\/\/api.w.org\/{rel}","templated":true}]}}