{"id":37,"date":"2013-07-24T17:43:22","date_gmt":"2013-07-24T15:43:22","guid":{"rendered":"http:\/\/wp.internist-ab.de\/?page_id=37"},"modified":"2025-08-16T21:36:06","modified_gmt":"2025-08-16T19:36:06","slug":"datenschutz","status":"publish","type":"page","link":"https:\/\/wp.internist-ab.de\/?page_id=37","title":{"rendered":"Datenschutz"},"content":{"rendered":"<p><span style=\"color: #000000;\">Das Thema Datenschutz ist bei uns seit jeher Chefsache und wird f\u00fcr ausgesprochen wichtig erachtet. Wir unterliegen der \u00e4rztlichen Schweigepflicht, ferner gelten die Vorgaben des<\/span> <a href=\"https:\/\/www.gesetze-im-internet.de\/bdsg_1990\/BDSG.pdf\" target=\"_blank\" rel=\"noopener\">Bundesdatenschutzgesetzes<\/a> <span style=\"color: #000000;\">und der Europ\u00e4ischen Datenschutzgrundverordnung<\/span> (<a href=\"https:\/\/dsgvo-gesetz.de\/\" target=\"_blank\" rel=\"noopener\">EU-DSGVO<\/a>).<\/p>\n<p><strong><span style=\"color: #000000;\">Gem\u00e4\u00df<\/span> <a href=\"https:\/\/dsgvo-gesetz.de\/art-13-dsgvo\/\" target=\"_blank\" rel=\"noopener\">Artikel 13 der EU-DSGVO<\/a> <span style=\"color: #000000;\">kommen wir hiermit unseren gesetzlichen Informationspflichten nach.<\/span><\/strong><\/p>\n<p><span style=\"color: #000000;\">Den gesamten folgenden Text k\u00f6nnen Sie hier als PDF herunterladen<\/span> <a href=\"https:\/\/wp.internist-ab.de\/?ddownload=905\" title=\"Download\" rel=\"nofollow\" class=\"ddownload-button button-blue id-905 ext-pdf\">Download<\/a><\/p>\n<p>&nbsp;<\/p>\n<h2><\/h2>\n<h2><strong><span style=\"color: #000000;\">Inhaltsverzeichnis:\u00a0 \u00a0<\/span> \u00a0<a id=\"atop\"><\/a><\/strong><\/h2>\n<p><a href=\"#a1\">Rechtsgrundlage der Datenverarbeitung in der Arztpraxis<\/a><br \/>\n<a href=\"#a2\">Welche Daten verarbeiten wir?<\/a><br \/>\n<a href=\"#a3\">Weitergabe von Daten<\/a><br \/>\n<a href=\"#a4\">Externe Dienstleister<\/a><br \/>\n<a href=\"#a5\">Recht auf Datenl\u00f6schung<\/a><br \/>\n<a href=\"#a6\">Wer ist bei uns f\u00fcr Ihre Daten verantwortlich?<\/a><br \/>\n<a href=\"#a7\">Datenschutzbeauftrage\/r gem. EU-DSGVO<\/a><br \/>\n<a href=\"#a8\">Fragen zum Datenschutz und Beschwerderecht<\/a><br \/>\n<a href=\"#a9\">Zust\u00e4ndige Aufsichtsbeh\u00f6rde<\/a><br \/>\n<a href=\"#a10\">Verschl\u00fcsselte Kommunikation<\/a><br \/>\n<a href=\"#a11\">Datenschutz auf unserer Website<\/a><br \/>\n<a href=\"#a12\">Haftung f\u00fcr Inhalte der Website<\/a><br \/>\n<a href=\"#a13\">Urheberrecht<\/a><br \/>\n<a href=\"#a14\">Haftung f\u00fcr Links auf der Website<\/a><br \/>\n<a href=\"#a15\">Nutzung unserer Kontaktdaten durch Dritte<\/a><\/p>\n<p>&nbsp;<\/p>\n<hr \/>\n<p>&nbsp;<\/p>\n<h3><span style=\"color: #000000;\">Rechtsgrundlage der Datenverarbeitung in der Arztpraxis\u00a0<\/span><a id=\"a1\"><\/a><\/h3>\n<p><span style=\"color: #000000;\">Die Rechtsgrundlage f\u00fcr die Patientenbehandlung ergibt sich aus<\/span> <a href=\"https:\/\/dsgvo-gesetz.de\/bdsg-neu\/22-bdsg-neu\/\" target=\"_blank\" rel=\"noopener\">\u00a7 22 Absatz 1 b des neuen Bundesdatenschutzgesetzes<\/a>.<\/p>\n<p><a href=\"#atop\"><em>nach oben<\/em><\/a><\/p>\n<p>&nbsp;<\/p>\n<h3><a id=\"a2\"><\/a><span style=\"color: #000000;\">Welche Daten verarbeiten wir?<\/span><\/h3>\n<p><span style=\"color: #000000;\">Eine moderne Arztpraxis kommt nicht ohne Nutzung einer EDV-Struktur aus. Hierf\u00fcr verwenden wir ein Praxisverwaltungssystem, in dem wir fallbezogen ausschliesslich die folgenden Daten erfassen, verarbeiten und speichern:<\/span><\/p>\n<ul>\n<li><span style=\"color: #000000;\">personenbezogene Daten wie Name, Anschrift, Geburtsdatum, Geschlecht, Telekommunikationsdaten (Telefon, Fax, eMail, Telematik, KIM, ePA)<\/span><\/li>\n<li><span style=\"color: #000000;\">Gesundheitsdaten, die im Zusammenhang mit Ihrer Untersuchung und oder Behandlung erhoben werden (Krankengeschichte, aktuelle Untersuchungsbefunde, Fremdbefunde, sonstige von Ihnen mitgeteilte relevante Informationen)<\/span><\/li>\n<li><span style=\"color: #000000;\">Daten f\u00fcr die Abrechnung mit gesetzlichen und privaten Krankenversicherungen<\/span><\/li>\n<\/ul>\n<p><span style=\"color: #000000;\">Daten in Papierform werden grunds\u00e4tzlich intern fallbezogen in elektronische Datenformate umgewandelt (&#8222;gescannt&#8220;). Alte Karteikartenbest\u00e4nde werden ordnungsgem\u00e4\u00df aufbewahrt und entsprechend den gesetzlichen Aufbewahrungsfristen durch eine Entsorgungsfirma datenschutzgerecht vernichtet. Ein entsprechender Auftragsdatenverarbeitungsvertrag wird anlassbezogen abgeschlossen.<\/span><\/p>\n<p><a href=\"#atop\"><em>nach oben<\/em><\/a><\/p>\n<p>&nbsp;<\/p>\n<h3><a id=\"a3\"><\/a>Weitergabe von Daten:<\/h3>\n<p><span style=\"color: #000000;\">Wir unterliegen der \u00e4rztlichen Schweigepflicht. Ihre personenbezogenen und Gesundheitsdaten werden von uns deshalb ausschliesslich im Rahmen unserer Dienstaufgaben, des Behandlungsvertrages und der gesetzlichen Vorgaben bedarfsweise an bestimmte Empf\u00e4nger weitergeleitet. Das sind<\/span><\/p>\n<ul>\n<li><span style=\"color: #000000;\">mit- oder nachbehandelnde \u00c4rzte\/innen und\/oder Krankenh\u00e4user<\/span><\/li>\n<li><span style=\"color: #000000;\">unser<\/span> <a href=\"http:\/\/www.hermann-holzer-labor.de\/\" target=\"_blank\" rel=\"noopener\">Labor<\/a><\/li>\n<li><span style=\"color: #000000;\">Krankenversicherungen (GKV\/PKV)<\/span><\/li>\n<li><span style=\"color: #000000;\">unsere private<\/span> <a href=\"https:\/\/verrechnungsstelle.de\/\" target=\"_blank\" rel=\"noopener\">Verrechnungsstelle<\/a><\/li>\n<li><span style=\"color: #000000;\">sonstige Versicherungen (z.B. im R. eines Antrags auf eine neue Lebensversicherung)<\/span><\/li>\n<li><span style=\"color: #000000;\">Berufsgenossenschaften<\/span><\/li>\n<li><span style=\"color: #000000;\">Versorgungs\u00e4mter<\/span><\/li>\n<li><span style=\"color: #000000;\">Rentenversicherer<\/span><\/li>\n<li><span style=\"color: #000000;\">Medizinischer Dienst der Krankenkassen oder der Agentur f\u00fcr Arbeit<\/span><\/li>\n<li><span style=\"color: #000000;\">Gerichte (z. B. i. R. von Sozialgerichtsverfahren\/-gutachten)<\/span><\/li>\n<li><span style=\"color: #000000;\">Langzeit-EKG-Auswertungsstelle<\/span><\/li>\n<li><span style=\"color: #000000;\">Sie selber<\/span><\/li>\n<\/ul>\n<p><span style=\"color: #000000;\">Soweit sich die Daten\u00fcbermittlung au\u00dferhalb unseres Behandlungsauftrages bewegt, geschieht dies nur mit Ihrem ausdr\u00fccklichen schriftlichen Einverst\u00e4ndnis.<\/span><\/p>\n<p><a href=\"#atop\"><em>nach oben<\/em><\/a><\/p>\n<p>&nbsp;<\/p>\n<h3><a id=\"a4\"><\/a><span style=\"color: #000000;\">Externe Dienstleister:<\/span><\/h3>\n<p><span style=\"color: #000000;\">Eine Praxis kommt wie jeder Betrieb nicht ohne einige externe Dienstleister aus. Diese Dienstleister m\u00fcssen gelegentlich Zugang zu unserer EDV-Anlage bekommen, um Wartungsarbeiten oder Reparaturen vornehmen zu k\u00f6nnen. Hierbei kann es zur Einsicht in Patientendaten kommen. Alle Dienstleister unterliegen der Schweigepflicht, haben ihr eigenes Datenmanagement entsprechend der<\/span> <a href=\"https:\/\/dsgvo-gesetz.de\/\" target=\"_blank\" rel=\"noopener\">EU-DSGVO<\/a><span style=\"color: #000000;\"> und sind \u00fcber Autragsdatenverarbeitungsvertr\u00e4ge an gesetzliche Vorgaben gebunden. Died betrifft die folgenden Dienstleister:<\/span><\/p>\n<ul>\n<li><a href=\"http:\/\/www.ratiosys.de\/\" target=\"_blank\" rel=\"noopener\">unser EDV-Systemhaus<\/a><\/li>\n<li><a href=\"https:\/\/www.cgm.com\/de\/arzt_zahnarzt\/ais\/data_vital\/data_vital_kontakt\/kontakt.de.jsp\" target=\"_blank\" rel=\"noopener\">der Hersteller unserer Praxisverwaltungssoftware<\/a><\/li>\n<li><a href=\"http:\/\/www.medizintechnik-bergmann.de\/\" target=\"_blank\" rel=\"noopener\">die Servicefirma f\u00fcr die EKG-Software<\/a><\/li>\n<li><a href=\"http:\/\/www.hermann-holzer-labor.de\/\" target=\"_blank\" rel=\"noopener\">die Servicefirma f\u00fcr die Labor-Software<\/a><\/li>\n<\/ul>\n<p><a href=\"#atop\"><em>nach oben<\/em><\/a><\/p>\n<p>&nbsp;<\/p>\n<h3><a id=\"a5\"><\/a><span style=\"color: #000000;\">Datenaufbewahrung:<\/span><\/h3>\n<p><span style=\"color: #000000;\">Gesundheitsdaten unterliegen gesetzlichen Vorgaben und m\u00fcssen \u00fcber bestimmte Fristen aufbewahrt werden. Mehr Informationen zu den einzelnen Fristen finden Sie<\/span> <a href=\"https:\/\/www.kvb.de\/fileadmin\/kvb\/dokumente\/Praxis\/Rechtsquellen\/A-D\/KVB-RQ-Aufbewahrungsfristen-Merkblatt.pdf\" target=\"_blank\" rel=\"noopener\">hier<\/a>.<\/p>\n<p><a href=\"#atop\"><em>nach oben<\/em><\/a><\/p>\n<h3><\/h3>\n<h3><a id=\"a6\"><\/a><span style=\"color: #000000;\">Recht auf Datenl\u00f6schung:<\/span><\/h3>\n<p><span style=\"color: #000000;\">F\u00fcr Arztpraxen gilt<\/span> <a href=\"https:\/\/dsgvo-gesetz.de\/art-17-dsgvo\/\" target=\"_blank\" rel=\"noopener\">Artikel 17 Abs. 3 b der Eu-DSGVO<\/a>. <span style=\"color: #000000;\">Patienten- und Behandlungsdaten d\u00fcrfen erst dann gel\u00f6scht werden, wenn sie zur Erf\u00fcllung des Behandlungsvertrages nicht mehr erforderlich sind und der L\u00f6schung keine<\/span> <a href=\"https:\/\/www.kvb.de\/fileadmin\/kvb\/dokumente\/Praxis\/Rechtsquellen\/A-D\/KVB-RQ-Aufbewahrungsfristen-Merkblatt.pdf\" target=\"_blank\" rel=\"noopener\">gesetzlichen Aufbewahrungsfristen<\/a> <span style=\"color: #000000;\">entgegenstehen<\/span> (<a href=\"http:\/\/www.blaek.de\/pdf_rechtliches\/haupt\/BO%2076.%20Bay%20AT%20final%20%2021122017_1.pdf\" target=\"_blank\" rel=\"noopener\">\u00a7 10 Abs. 3 Berufsordnung f\u00fcr die \u00c4rzte Bayerns<\/a>)<\/p>\n<p><a href=\"#atop\"><em>nach oben<\/em><\/a><\/p>\n<p>&nbsp;<\/p>\n<h3><a id=\"a7\"><\/a><span style=\"color: #000000;\">Wer ist bei uns f\u00fcr Ihre Daten verantwortlich?<\/span><\/h3>\n<p><span style=\"color: #000000;\">Verantwortliche Stelle im Sinne der Datenschutzgesetze ist die Praxis Dres. med. Rehbein &amp; van der Does, Wei\u00dfenburger Str. 20-24, D-63739 Aschaffenburg, Telefon +49-(0)6021-12071<\/span><\/p>\n<p><a id=\"avvt\"><\/a><span style=\"color: #000000;\">Unser Verzeichnis der Verarbeitungst\u00e4tigkeiten (VVT)\u00a0 ist auf Anfrage einsehbar.<\/span><\/p>\n<p><a href=\"#atop\"><em>nach oben<\/em><\/a><\/p>\n<h3><\/h3>\n<h3><a id=\"a8\"><\/a><span style=\"color: #000000;\">Datenschutzbeauftrage\/r gem. EU-DSGVO:<\/span><\/h3>\n<p><span style=\"color: #000000;\">Unsere Praxis ist gem\u00e4\u00df den Vorgaben der EU-DSGVO und des Bayerischen Landesamtes f\u00fcr Datenschutzaufsicht\u00a0<strong>nicht<\/strong> verpflichtet, eine\/n Datenschutzbeauftragte\/n zu bestellen.<\/span><\/p>\n<p><a href=\"#atop\"><em>nach oben<\/em><\/a><\/p>\n<p>&nbsp;<\/p>\n<h3><a id=\"a9\"><\/a>Fragen zum Datenschutz und Beschwerderecht:<\/h3>\n<p><span style=\"color: #000000;\">Wenn Sie Fragen zum Datenschutz haben, Rechte oder Anspr\u00fcche zu Ihren personenbezogenen Daten aus\u00fcben m\u00f6chten, wenden Sie sich bitte direkt an uns oder schicken Sie eine Anfrage per eMail an datenschutz @ internist-ab.de<\/span><br \/>\n<span style=\"color: #000000;\">Ihr Recht auf Beschwerde k\u00f6nnen Sie bei der zust\u00e4ndigen<\/span> <a href=\"https:\/\/www.lda.bayern.de\/de\/index.html#\" target=\"_blank\" rel=\"noopener\">Aufsichtsbeh\u00f6rde<\/a> <span style=\"color: #000000;\">wahrnehmen.<\/span><\/p>\n<p><a href=\"#atop\"><em>nach oben<\/em><\/a><\/p>\n<p>&nbsp;<\/p>\n<h3><a id=\"a10\"><\/a><span style=\"color: #000000;\">Zust\u00e4ndige Aufsichtsbeh\u00f6rde:<\/span><\/h3>\n<p><a href=\"https:\/\/www.lda.bayern.de\/de\/index.html#\" target=\"_blank\" rel=\"noopener\">Bayerisches Landesamt f\u00fcr Datenschutzaufsicht<\/a><br \/>\n<span style=\"color: #000000;\">Postfach 606, 91511 Ansbach<\/span><br \/>\n<span style=\"color: #000000;\">Telefon: +49 (0) 981 53 1300, Telefax: +49 (0) 981 53 98 1300<\/span><br \/>\n<span style=\"color: #000000;\">E-Mail: poststelle@lda.bayern.de<\/span><\/p>\n<p><a href=\"#atop\"><em>nach oben<\/em><\/a><\/p>\n<p>&nbsp;<\/p>\n<h3><a id=\"a11\"><\/a>Verschl\u00fcsselte Kommunikation:<\/h3>\n<p><span style=\"color: #000000;\">Zu Ihrer Sicherheit versenden wir Ihre Daten nur per Brief, per Fax oder per verschl\u00fcsselter eMail. Hierbei nutzen wir das asynchrone<\/span> <a href=\"https:\/\/de.wikipedia.org\/wiki\/GNU_Privacy_Guard\" target=\"_blank\" rel=\"noopener\">GnuPG-Verfahren<\/a>, <span style=\"color: #000000;\">das f\u00fcr alle g\u00e4ngigen Betriebssysteme kostenfrei verf\u00fcgbar ist.<\/span><\/p>\n<p><span style=\"color: #000000;\">Sofern Sie die Versendung unverschl\u00fcsselte eMails w\u00fcnschen, ben\u00f6tigen wir daf\u00fcr vorab Ihr schriftliches Einverst\u00e4ndnis, wobei darauf hingewiesen sei, dass unverschl\u00fcsselte eMails ausgeprochen unsicher und f\u00fcr Dritte sehr leicht einzusehen sind.<\/span><\/p>\n<p><span style=\"color: #000000;\">Die von der Bundesregierung geforderte Nutzung der <a href=\"https:\/\/de.wikipedia.org\/wiki\/Telematikinfrastruktur\" target=\"_blank\" rel=\"noopener\">Telematikinfrastruktur<\/a> f\u00fcr die \u00dcbermittlung patientenbezogener Daten im Rahmen des \u00e4rztlichen Versorgungsauftrags ist f\u00fcr uns rechtlich bindend. Unser Datensicherheitskonzept im Rahmen der <a href=\"https:\/\/www.kbv.de\/html\/it-sicherheit.php\" target=\"_blank\" rel=\"noopener\">IT-Sicherheitsrichtlinie<\/a> sorgt f\u00fcr ad\u00e4quaten Schutz Ihrer Daten innerhalb unserer Praxis. Die Sicherheit Ihrer medizinischen und pers\u00f6nlichen Daten au\u00dferhalb des von uns verantworteten Systems obliegt jedoch nicht mehr unserer Aufsicht und kann deshalb von uns nicht beeinflusst werden. Ansprechpartner finden Sie diesbez\u00fcglich <a href=\"https:\/\/www.gematik.de\/\" target=\"_blank\" rel=\"noopener\">hier<\/a>.<br \/>\n<\/span><\/p>\n<p><a href=\"#atop\"><em>nach oben<\/em><\/a><\/p>\n<p>&nbsp;<\/p>\n<h3><a id=\"a12\"><\/a><span style=\"color: #000000;\">Datenschutz auf unserer Website:<\/span><\/h3>\n<p><span style=\"color: #000000;\">Unsere Website dient ausschliesslich Ihrer Information, pers\u00f6nliche Daten werden deshalb nicht erhoben. Insbesondere<\/span><\/p>\n<ul>\n<li><span style=\"color: #000000;\">setzen wir keine Cookies, weder direkte noch third-party-Cookies. Lediglich im Rahmen von Umfragen werden passagere Cookies gesetzt, die 24 Stunden aktiv sind, um Mi\u00dfbrauch zu vermeiden. Hierauf wird bei aktiver Umfrage explizit hingewiesen.<\/span><\/li>\n<li><span style=\"color: #000000;\">speichern wir keine IP-Adressen. Die IP des Users kann m\u00f6glicherweise vom Webprovider gespeichert werden, wird jedoch nicht von uns abgefragt oder ausgewertet.<\/span><\/li>\n<li><span style=\"color: #000000;\">verwerten wir Zugriffe auf unsere Website nicht zur statistischen Analyse. Auch sonstige Datenverkehrs-Analysewerkzeuge werden unsererseits weder eingesetzt noch vorgehalten.<\/span><\/li>\n<li><span style=\"color: #000000;\">nutzen wir keine Online-Terminvereinbarungsportale oder sonstige Angebote Dritter<\/span><\/li>\n<li><span style=\"color: #000000;\">verschicken wir keine Newsletter o.\u00e4.<\/span><\/li>\n<li><span style=\"color: #000000;\">gibt es keine Werbebanner Dritter<\/span><\/li>\n<\/ul>\n<p><span style=\"color: #000000;\">Die Website weist auf Kommunikationsm\u00f6glichkeiten per eMail, Telefon oder Fax hin, wobei mit Ausnahme des Webspaceproviders kein anderer zwischengeschalteter Dienstleister genutzt wird.<\/span><\/p>\n<p><span style=\"color: #000000;\">Sofern Sie in einer Nachricht an uns freiwillig pers\u00f6nliche Daten \u00fcbermitteln, werden diese ausschliesslich im Zusammenhang mit Ihrem direkten Anliegen gespeichert (Behandlungswunsch, Terminvereinbarung, Anforderung von Informationen). Die Daten unterliegen in jedem Fall und uneingeschr\u00e4nkt der Schweigepflicht und werden keinesfalls nach aussen kommuniziert.<\/span><\/p>\n<p><span style=\"color: #000000;\">Die Inhalte unserer Internet-Seiten entsprechen den Vorgaben des Bundesdatenschutzgesetzes (BDSG) und des Teledienstedatenschutzgesetzes (TDDSG). Diese Internet-Seiten sind anonym zu nutzen. Sie enthalten keine Abfragen zu personenbezogenen oder personenbeziehbaren Daten.<\/span><\/p>\n<p><span style=\"color: #000000;\">Beitr\u00e4ge auf dieser Website k\u00f6nnen eingebettete Inhalte beinhalten (z. B. Videos, Bilder, Beitr\u00e4ge etc.). Eingebettete Inhalte von anderen Websites verhalten sich exakt so, als ob der Besucher die andere Website besucht h\u00e4tte. Diese Websites k\u00f6nnen Daten \u00fcber den Benutzer sammeln, Cookies benutzen, zus\u00e4tzliche Tracking-Dienste von Dritten einbetten und die Interaktion mit diesem eingebetteten Inhalt aufzeichnen, inklusive der\u00a0 Interaktion mit dem eingebetteten Inhalt, falls der benutzer dort ein Konto hat und auf dieser Website angemeldet ist.<\/span><\/p>\n<p><span style=\"color: #000000;\">Diese Webpr\u00e4senz ist die einzige, die von unserer Praxis aktiv unterhalten und betrieben wird. Alle anderen Internetauftritte, in denen unsere Namen oder der Name der Praxis auftauchen, sind weder durch uns initiiert noch liegt die Textredaktion dort in unserer Verantwortung, was de facto bedeutet, dass wir keinerlei Einfluss auf die Gestaltung dieser Internetpr\u00e4senzen haben. Eine dort m\u00f6glicherweise fehlende Datenschutzerkl\u00e4rung oder sonstige Widerspr\u00fcche zur DS-GVO k\u00f6nnen wir nicht beeinflussen.<\/span><\/p>\n<p><a href=\"#atop\"><em>nach oben<\/em><\/a><\/p>\n<p>&nbsp;<\/p>\n<h3><a id=\"a13\"><\/a><span style=\"color: #000000;\">Haftung f\u00fcr Inhalte der Website<\/span><\/h3>\n<p><span style=\"color: #000000;\">Die Inhalte unserer Seiten wurden mit gr\u00f6\u00dfter Sorgfalt erstellt. F\u00fcr die Richtigkeit, Vollst\u00e4ndigkeit und Aktualit\u00e4t der Inhalte k\u00f6nnen wir jedoch keine Gew\u00e4hr \u00fcbernehmen. Als Diensteanbieter sind wir gem\u00e4\u00df \u00a7 6 Abs.1 MDStV und \u00a7 8 Abs.1 TDG f\u00fcr eigene Inhalte auf diesen Seiten nach den allgemeinen Gesetzen verantwortlich. Diensteanbieter sind jedoch nicht verpflichtet, die von ihnen \u00fcbermittelten oder gespeicherten fremden Informationen zu \u00fcberwachen oder nach Umst\u00e4nden zu forschen, die auf eine rechtswidrige T\u00e4tigkeit hinweisen. Verpflichtungen zur Entfernung oder Sperrung der Nutzung von Informationen nach den allgemeinen Gesetzen bleiben hiervon unber\u00fchrt. Eine diesbez\u00fcgliche Haftung ist jedoch erst ab dem Zeitpunkt der Kenntnis einer konkreten Rechtsverletzung m\u00f6glich. Bei Bekanntwerden von entsprechenden Rechtsverletzungen werden wir diese Inhalte umgehend entfernen.<\/span><\/p>\n<p><a href=\"#atop\"><em>nach oben<\/em><\/a><\/p>\n<p>&nbsp;<\/p>\n<h3><a id=\"a14\"><\/a><span style=\"color: #000000;\">Urheberrecht<\/span><\/h3>\n<p><span style=\"color: #000000;\">Die durch die Seitenbetreiber erstellten Inhalte und Werke auf diesen Seiten unterliegen dem deutschen Urheberrecht.\u00a0 Die Vervielf\u00e4ltigung, Bearbeitung, Verbreitung und jede Art der Verwertung au\u00dferhalb der Grenzen des Urheberrechtes bed\u00fcrfen der schriftlichen Zustimmung des jeweiligen Autors bzw. Erstellers. Downloads und Kopien dieser Seite sind nur f\u00fcr den privaten, nicht kommerziellen Gebrauch gestattet.\u00a0Beitr\u00e4ge Dritter sind als solche gekennzeichnet; wir sind bem\u00fcht, stets die Urheberrechte anderer zu beachten bzw. auf lizenzfreie Publikationen zur\u00fcckzugreifen<\/span><\/p>\n<p><a href=\"#atop\"><em>nach oben<\/em><\/a><\/p>\n<h3><\/h3>\n<h3><a id=\"a15\"><\/a><span style=\"color: #000000;\">Haftung f\u00fcr Links auf der Website<\/span><\/h3>\n<p><span style=\"color: #000000;\">Unser Angebot enth\u00e4lt Links zu externen Webseiten Dritter, auf deren Inhalte wir keinen Einfluss haben. Deshalb k\u00f6nnen wir f\u00fcr diese fremden Inhalte auch keine Gew\u00e4hr \u00fcbernehmen. F\u00fcr die Inhalte der verlinkten Seiten ist stets der jeweilige Anbieter oder Betreiber der Seiten verantwortlich. Die verlinkten Seiten wurden zum Zeitpunkt der Verlinkung auf m\u00f6gliche Rechtsverst\u00f6\u00dfe \u00fcberpr\u00fcft. Rechtswidrige Inhalte waren zum Zeitpunkt der Verlinkung nicht erkennbar. Eine permanente inhaltliche Kontrolle der verlinkten Seiten ist jedoch ohne konkrete Anhaltspunkte einer Rechtsverletzung nicht zumutbar. Bei Bekanntwerden von Rechtsverletzungen werden wir derartige Links umgehend entfernen.<\/span><\/p>\n<p><a href=\"#atop\"><em>nach oben<\/em><\/a><\/p>\n<h3><\/h3>\n<h3><a id=\"a16\"><\/a><span style=\"color: #000000;\">Nutzung unserer Kontaktdaten durch Dritte:<\/span><\/h3>\n<p><span style=\"color: #000000;\">Der Nutzung von im Rahmen der Impressumspflicht ver\u00f6ffentlichten Kontaktdaten durch Dritte zur \u00dcbersendung von nicht ausdr\u00fccklich angeforderter Werbung und Informationsmaterialien wird hiermit ausdr\u00fccklich widersprochen. Die Betreiber der Seiten behalten sich ausdr\u00fccklich rechtliche Schritte im Falle der unverlangten Zusendung von Werbeinformationen vor.<\/span><\/p>\n<p><a href=\"#atop\"><em>nach oben<\/em><\/a><\/p>\n<p>&nbsp;<\/p>\n","protected":false},"excerpt":{"rendered":"<p>Das Thema Datenschutz ist bei uns seit jeher Chefsache und wird f\u00fcr ausgesprochen wichtig erachtet. Wir unterliegen der \u00e4rztlichen Schweigepflicht, ferner gelten die Vorgaben des Bundesdatenschutzgesetzes und der Europ\u00e4ischen Datenschutzgrundverordnung (EU-DSGVO). Gem\u00e4\u00df Artikel 13 der EU-DSGVO kommen wir hiermit unseren<\/p>\n","protected":false},"author":1,"featured_media":0,"parent":0,"menu_order":9,"comment_status":"closed","ping_status":"closed","template":"","meta":{"footnotes":""},"class_list":["post-37","page","type-page","status-publish","hentry"],"_links":{"self":[{"href":"https:\/\/wp.internist-ab.de\/index.php?rest_route=\/wp\/v2\/pages\/37","targetHints":{"allow":["GET"]}}],"collection":[{"href":"https:\/\/wp.internist-ab.de\/index.php?rest_route=\/wp\/v2\/pages"}],"about":[{"href":"https:\/\/wp.internist-ab.de\/index.php?rest_route=\/wp\/v2\/types\/page"}],"author":[{"embeddable":true,"href":"https:\/\/wp.internist-ab.de\/index.php?rest_route=\/wp\/v2\/users\/1"}],"replies":[{"embeddable":true,"href":"https:\/\/wp.internist-ab.de\/index.php?rest_route=%2Fwp%2Fv2%2Fcomments&post=37"}],"version-history":[{"count":68,"href":"https:\/\/wp.internist-ab.de\/index.php?rest_route=\/wp\/v2\/pages\/37\/revisions"}],"predecessor-version":[{"id":2027,"href":"https:\/\/wp.internist-ab.de\/index.php?rest_route=\/wp\/v2\/pages\/37\/revisions\/2027"}],"wp:attachment":[{"href":"https:\/\/wp.internist-ab.de\/index.php?rest_route=%2Fwp%2Fv2%2Fmedia&parent=37"}],"curies":[{"name":"wp","href":"https:\/\/api.w.org\/{rel}","templated":true}]}}